{"id":34907,"date":"2024-08-21T08:15:48","date_gmt":"2024-08-21T06:15:48","guid":{"rendered":"https:\/\/lacommune.co\/saint-etienne\/?page_id=34907"},"modified":"2024-12-04T16:09:04","modified_gmt":"2024-12-04T15:09:04","slug":"nos-evenements-musicaux-a-la-commune","status":"publish","type":"page","link":"https:\/\/lacommune.co\/saint-etienne\/nos-evenements-musicaux-a-la-commune\/","title":{"rendered":"Nos \u00e9v\u00e9nements musicaux \u00e0 La Commune"},"content":{"rendered":"<div class=\"wpb-content-wrapper\"><p>[vc_row row_height_percent=&#8221;0&#8243; overlay_alpha=&#8221;50&#8243; gutter_size=&#8221;3&#8243; column_width_percent=&#8221;100&#8243; shift_y=&#8221;0&#8243; z_index=&#8221;0&#8243; uncode_shortcode_id=&#8221;149188&#8243; back_color_type=&#8221;uncode-solid&#8221; back_color_solid=&#8221;#00a66a&#8221; el_class=&#8221;green-bloc&#8221;][vc_column column_width_percent=&#8221;100&#8243; align_horizontal=&#8221;align_center&#8221; gutter_size=&#8221;3&#8243; style=&#8221;dark&#8221; overlay_alpha=&#8221;50&#8243; shift_x=&#8221;0&#8243; shift_y=&#8221;0&#8243; shift_y_down=&#8221;0&#8243; z_index=&#8221;0&#8243; medium_width=&#8221;0&#8243; mobile_width=&#8221;0&#8243; width=&#8221;1\/1&#8243; uncode_shortcode_id=&#8221;100599&#8243;][vc_custom_heading heading_semantic=&#8221;h1&#8243; text_font=&#8221;font-956804&#8243; text_transform=&#8221;uppercase&#8221; uncode_shortcode_id=&#8221;977544&#8243; el_class=&#8221;big-text-home&#8221;]Nos \u00e9v\u00e9nements musicaux \u00e0 La Commune[\/vc_custom_heading][vc_column_text text_lead=&#8221;yes&#8221; uncode_shortcode_id=&#8221;198711&#8243;]La Commune s&#8217;affirme comme un acteur majeur de la sc\u00e8ne musicale lyonnaise, offrant une programmation diversifi\u00e9e et de qualit\u00e9 tout au long de l&#8217;ann\u00e9e. Notre \u00e9tablissement se distingue par sa capacit\u00e9 \u00e0 proposer une exp\u00e9rience musicale immersive, alliant performances live et ambiances festives.<\/p>\n<p>Nous nous engageons \u00e0 promouvoir une vari\u00e9t\u00e9 de genres musicaux afin de satisfaire un large \u00e9ventail de pr\u00e9f\u00e9rences musicales. Notre politique d&#8217;\u00e9v\u00e9nements gratuits t\u00e9moigne de notre volont\u00e9 de rendre la culture musicale accessible \u00e0 tous, tout en maintenant un niveau d&#8217;excellence artistique.<br \/>\n[\/vc_column_text][\/vc_column][\/vc_row][vc_row unlock_row_content=&#8221;yes&#8221; row_height_percent=&#8221;0&#8243; override_padding=&#8221;yes&#8221; h_padding=&#8221;1&#8243; top_padding=&#8221;0&#8243; bottom_padding=&#8221;0&#8243; overlay_alpha=&#8221;50&#8243; equal_height=&#8221;yes&#8221; gutter_size=&#8221;0&#8243; column_width_percent=&#8221;100&#8243; shift_y=&#8221;0&#8243; z_index=&#8221;0&#8243; uncode_shortcode_id=&#8221;892905&#8243; back_color_type=&#8221;uncode-solid&#8221; back_color_solid=&#8221;#fbf0f0&#8243;][vc_column column_width_percent=&#8221;100&#8243; align_horizontal=&#8221;align_center&#8221; gutter_size=&#8221;2&#8243; override_padding=&#8221;yes&#8221; column_padding=&#8221;3&#8243; overlay_alpha=&#8221;50&#8243; shift_x=&#8221;0&#8243; shift_y=&#8221;0&#8243; shift_y_down=&#8221;0&#8243; z_index=&#8221;0&#8243; medium_width=&#8221;0&#8243; mobile_width=&#8221;0&#8243; width=&#8221;1\/2&#8243; uncode_shortcode_id=&#8221;137686&#8243; css=&#8221;.vc_custom_1715862183411{padding-top: 60px !important;padding-bottom: 60px !important;}&#8221;][vc_custom_heading text_font=&#8221;font-956804&#8243; text_transform=&#8221;uppercase&#8221; uncode_shortcode_id=&#8221;121277&#8243;]Concerts gratuits \u00e0 La Commune[\/vc_custom_heading][vc_column_text text_lead=&#8221;yes&#8221; uncode_shortcode_id=&#8221;172774&#8243;]La Commune est fi\u00e8re de pr\u00e9senter une s\u00e9rie de concerts gratuits, mettant en lumi\u00e8re la richesse et la diversit\u00e9 de la sc\u00e8ne musicale locale et au-del\u00e0.<\/p>\n<p>Notre programmation soigneusement \u00e9labor\u00e9e couvre un large spectre de genres musicaux, incluant, mais ne se limitant pas \u00e0 :<br \/>\n&#8211; Le jazz et ses variations contemporaines<br \/>\n&#8211; La soul et le R&amp;B<br \/>\n&#8211; Les musiques \u00e9lectroniques dans toute leur diversit\u00e9<\/p>\n<p>Nous accordons une attention particuli\u00e8re \u00e0 la promotion des talents \u00e9mergents et des artistes locaux, offrant ainsi une plateforme de choix pour des performances live authentiques et m\u00e9morables. Ces concerts gratuits sont l&#8217;occasion id\u00e9ale de d\u00e9couvrir de nouveaux artistes et de vivre des exp\u00e9riences musicales uniques dans un cadre convivial.<br \/>\n[\/vc_column_text][\/vc_column][vc_column column_width_percent=&#8221;100&#8243; gutter_size=&#8221;3&#8243; back_image=&#8221;35088&#8243; parallax=&#8221;yes&#8221; overlay_alpha=&#8221;50&#8243; shift_x=&#8221;0&#8243; shift_y=&#8221;0&#8243; shift_y_down=&#8221;0&#8243; z_index=&#8221;0&#8243; medium_width=&#8221;0&#8243; mobile_width=&#8221;0&#8243; width=&#8221;1\/2&#8243; uncode_shortcode_id=&#8221;961913&#8243;][\/vc_column][\/vc_row][vc_row unlock_row_content=&#8221;yes&#8221; row_height_percent=&#8221;0&#8243; override_padding=&#8221;yes&#8221; h_padding=&#8221;1&#8243; top_padding=&#8221;0&#8243; bottom_padding=&#8221;0&#8243; overlay_alpha=&#8221;50&#8243; equal_height=&#8221;yes&#8221; gutter_size=&#8221;0&#8243; column_width_percent=&#8221;100&#8243; shift_y=&#8221;0&#8243; z_index=&#8221;0&#8243; uncode_shortcode_id=&#8221;841253&#8243; back_color_type=&#8221;uncode-solid&#8221; back_color_solid=&#8221;#fbf0f0&#8243;][vc_column column_width_percent=&#8221;100&#8243; gutter_size=&#8221;3&#8243; back_image=&#8221;35090&#8243; parallax=&#8221;yes&#8221; overlay_alpha=&#8221;50&#8243; shift_x=&#8221;0&#8243; shift_y=&#8221;0&#8243; shift_y_down=&#8221;0&#8243; z_index=&#8221;0&#8243; medium_width=&#8221;0&#8243; mobile_width=&#8221;0&#8243; width=&#8221;1\/2&#8243; uncode_shortcode_id=&#8221;588865&#8243;][\/vc_column][vc_column column_width_percent=&#8221;100&#8243; align_horizontal=&#8221;align_center&#8221; gutter_size=&#8221;2&#8243; override_padding=&#8221;yes&#8221; column_padding=&#8221;3&#8243; overlay_alpha=&#8221;50&#8243; shift_x=&#8221;0&#8243; shift_y=&#8221;0&#8243; shift_y_down=&#8221;0&#8243; z_index=&#8221;0&#8243; medium_width=&#8221;0&#8243; mobile_width=&#8221;0&#8243; width=&#8221;1\/2&#8243; uncode_shortcode_id=&#8221;137686&#8243; css=&#8221;.vc_custom_1715862183411{padding-top: 60px !important;padding-bottom: 60px !important;}&#8221;][vc_custom_heading heading_semantic=&#8221;h3&#8243; text_font=&#8221;font-956804&#8243; text_transform=&#8221;uppercase&#8221; uncode_shortcode_id=&#8221;130874&#8243;]Programmation hebdomadaire [\/vc_custom_heading][vc_column_text text_lead=&#8221;yes&#8221; uncode_shortcode_id=&#8221;387097&#8243;]La Commune s&#8217;engage \u00e0 offrir une programmation musicale dynamique et vari\u00e9e, renouvel\u00e9e chaque semaine pour satisfaire les m\u00e9lomanes les plus exigeants. Notre calendrier d&#8217;\u00e9v\u00e9nements, accessible en ligne et r\u00e9guli\u00e8rement mis \u00e0 jour, vous permet de planifier vos sorties musicales avec pr\u00e9cision.<\/p>\n<p>Notre \u00e9quipe de programmation s&#8217;efforce de maintenir un \u00e9quilibre harmonieux entre genres musicaux \u00e9tablis et tendances \u00e9mergentes, assurant ainsi une offre culturelle riche et diversifi\u00e9e tout au long de l&#8217;ann\u00e9e.<br \/>\n[\/vc_column_text][vc_button border_width=&#8221;0&#8243; icon_position=&#8221;right&#8221; icon=&#8221;fa fa-asterisk&#8221; uncode_shortcode_id=&#8221;131447&#8243; link=&#8221;url:https%3A%2F%2Flacommune.co%2Fsaint-etienne%2Fprogramme%2F|title:%C3%89v%C3%A9nements%20%C3%A0%20Lyon%207%20%3A%20D%C3%A9couvrez%20le%20programme%20de%20La%20Commune&#8221;]D\u00e9couvrir notre programme[\/vc_button][\/vc_column][\/vc_row][vc_row unlock_row_content=&#8221;yes&#8221; row_height_percent=&#8221;0&#8243; override_padding=&#8221;yes&#8221; h_padding=&#8221;1&#8243; top_padding=&#8221;0&#8243; bottom_padding=&#8221;0&#8243; overlay_alpha=&#8221;50&#8243; equal_height=&#8221;yes&#8221; gutter_size=&#8221;0&#8243; column_width_percent=&#8221;100&#8243; shift_y=&#8221;0&#8243; z_index=&#8221;0&#8243; uncode_shortcode_id=&#8221;841253&#8243; back_color_type=&#8221;uncode-solid&#8221; back_color_solid=&#8221;#fbf0f0&#8243;][vc_column column_width_percent=&#8221;100&#8243; align_horizontal=&#8221;align_center&#8221; gutter_size=&#8221;2&#8243; override_padding=&#8221;yes&#8221; column_padding=&#8221;3&#8243; overlay_alpha=&#8221;50&#8243; shift_x=&#8221;0&#8243; shift_y=&#8221;0&#8243; shift_y_down=&#8221;0&#8243; z_index=&#8221;0&#8243; medium_width=&#8221;0&#8243; mobile_width=&#8221;0&#8243; width=&#8221;1\/2&#8243; uncode_shortcode_id=&#8221;137686&#8243; css=&#8221;.vc_custom_1715862183411{padding-top: 60px !important;padding-bottom: 60px !important;}&#8221;][vc_custom_heading heading_semantic=&#8221;h3&#8243; text_font=&#8221;font-956804&#8243; text_transform=&#8221;uppercase&#8221; uncode_shortcode_id=&#8221;576513&#8243;]Artistes \u00e0 d\u00e9couvrir[\/vc_custom_heading][vc_column_text text_lead=&#8221;yes&#8221; uncode_shortcode_id=&#8221;683816&#8243;]La Commune se positionne comme un tremplin essentiel pour les talents \u00e9mergents de la sc\u00e8ne musicale lyonnaise et au-del\u00e0. Notre engagement envers la promotion de nouveaux artistes se manifeste \u00e0 travers une s\u00e9lection rigoureuse et une mise en valeur optimale de ces performances.<\/p>\n<p>Nos soir\u00e9es d\u00e9di\u00e9es \u00e0 la d\u00e9couverte offrent une plateforme unique o\u00f9 qualit\u00e9 artistique et ambiance conviviale se conjuguent. Ces \u00e9v\u00e9nements sont soigneusement con\u00e7us pour:<\/p>\n<p>Mettre en lumi\u00e8re des artistes prometteurs dans des conditions professionnelles optimales.<\/p>\n<p>Favoriser les \u00e9changes entre artistes et spectateurs, contribuant ainsi \u00e0 la vitalit\u00e9 de la sc\u00e8ne locale.<\/p>\n<p>Nous vous encourageons \u00e0 participer \u00e0 ces soir\u00e9es de d\u00e9couverte, v\u00e9ritables incubateurs de talents, o\u00f9 l&#8217;excellence musicale se marie \u00e0 l&#8217;esprit d&#8217;innovation et de partage caract\u00e9ristique de La Commune.<br \/>\n[\/vc_column_text][\/vc_column][vc_column column_width_percent=&#8221;100&#8243; gutter_size=&#8221;3&#8243; back_image=&#8221;35091&#8243; parallax=&#8221;yes&#8221; overlay_alpha=&#8221;50&#8243; shift_x=&#8221;0&#8243; shift_y=&#8221;0&#8243; shift_y_down=&#8221;0&#8243; z_index=&#8221;0&#8243; medium_width=&#8221;0&#8243; mobile_width=&#8221;0&#8243; width=&#8221;1\/2&#8243; uncode_shortcode_id=&#8221;957565&#8243;][\/vc_column][\/vc_row][vc_row unlock_row_content=&#8221;yes&#8221; row_height_percent=&#8221;0&#8243; override_padding=&#8221;yes&#8221; h_padding=&#8221;1&#8243; top_padding=&#8221;0&#8243; bottom_padding=&#8221;0&#8243; back_color=&#8221;color-109014&#8243; overlay_alpha=&#8221;50&#8243; equal_height=&#8221;yes&#8221; gutter_size=&#8221;0&#8243; column_width_percent=&#8221;100&#8243; shift_y=&#8221;0&#8243; z_index=&#8221;0&#8243; uncode_shortcode_id=&#8221;123247&#8243; back_color_type=&#8221;uncode-palette&#8221;][vc_column column_width_percent=&#8221;100&#8243; gutter_size=&#8221;3&#8243; back_image=&#8221;35092&#8243; parallax=&#8221;yes&#8221; overlay_alpha=&#8221;50&#8243; shift_x=&#8221;0&#8243; shift_y=&#8221;0&#8243; shift_y_down=&#8221;0&#8243; z_index=&#8221;0&#8243; medium_width=&#8221;0&#8243; mobile_width=&#8221;0&#8243; width=&#8221;1\/2&#8243; uncode_shortcode_id=&#8221;173121&#8243;][\/vc_column][vc_column column_width_percent=&#8221;100&#8243; align_horizontal=&#8221;align_center&#8221; gutter_size=&#8221;2&#8243; override_padding=&#8221;yes&#8221; column_padding=&#8221;3&#8243; style=&#8221;dark&#8221; overlay_alpha=&#8221;50&#8243; shift_x=&#8221;0&#8243; shift_y=&#8221;0&#8243; shift_y_down=&#8221;0&#8243; z_index=&#8221;0&#8243; medium_width=&#8221;0&#8243; mobile_width=&#8221;0&#8243; width=&#8221;1\/2&#8243; uncode_shortcode_id=&#8221;993719&#8243; css=&#8221;.vc_custom_1724220540328{padding-top: 60px !important;padding-bottom: 60px !important;}&#8221;][vc_custom_heading text_font=&#8221;font-956804&#8243; text_size=&#8221;h3&#8243; text_transform=&#8221;uppercase&#8221; uncode_shortcode_id=&#8221;687828&#8243; el_class=&#8221;big-text-home&#8221;]Pourquoi choisir La Commune pour vos soir\u00e9es musicales ?[\/vc_custom_heading][vc_column_text text_lead=&#8221;yes&#8221; uncode_shortcode_id=&#8221;137227&#8243;]La Commune s&#8217;est impos\u00e9e comme une r\u00e9f\u00e9rence incontournable dans le paysage musical lyonnais, offrant une exp\u00e9rience unique \u00e0 ses visiteurs. Voici les principaux atouts qui distinguent notre \u00e9tablissement :<\/p>\n<ul>\n<li>Emplacement strat\u00e9gique : Situ\u00e9 au c\u0153ur du 7\u00e8me arrondissement de Lyon, La Commune b\u00e9n\u00e9ficie d&#8217;une accessibilit\u00e9 optimale.<\/li>\n<li>Programmation \u00e9clectique et de qualit\u00e9 : Notre \u00e9quipe de programmation s&#8217;attache \u00e0 proposer une s\u00e9lection vari\u00e9e et pertinente d&#8217;artistes et de genres musicaux.<\/li>\n<li>Politique tarifaire inclusive : La gratuit\u00e9 de la majorit\u00e9 de nos \u00e9v\u00e9nements t\u00e9moigne de notre engagement \u00e0 rendre la culture musicale accessible \u00e0 tous.<\/li>\n<li>Ambiance chaleureuse : L&#8217;agencement de notre espace a \u00e9t\u00e9 pens\u00e9 pour cr\u00e9er une atmosph\u00e8re conviviale, propice \u00e0 l&#8217;appr\u00e9ciation musicale et aux \u00e9changes.<\/li>\n<\/ul>\n<p>En choisissant La Commune, vous optez pour une exp\u00e9rience musicale compl\u00e8te, alliant qualit\u00e9 artistique, confort d&#8217;\u00e9coute et convivialit\u00e9.[\/vc_column_text][\/vc_column][\/vc_row][vc_row unlock_row_content=&#8221;yes&#8221; row_height_percent=&#8221;0&#8243; override_padding=&#8221;yes&#8221; h_padding=&#8221;1&#8243; top_padding=&#8221;0&#8243; bottom_padding=&#8221;0&#8243; overlay_alpha=&#8221;50&#8243; equal_height=&#8221;yes&#8221; gutter_size=&#8221;0&#8243; column_width_percent=&#8221;100&#8243; shift_y=&#8221;0&#8243; z_index=&#8221;0&#8243; uncode_shortcode_id=&#8221;841253&#8243; back_color_type=&#8221;uncode-solid&#8221; back_color_solid=&#8221;#fbf0f0&#8243;][vc_column column_width_percent=&#8221;100&#8243; align_horizontal=&#8221;align_center&#8221; gutter_size=&#8221;2&#8243; override_padding=&#8221;yes&#8221; column_padding=&#8221;3&#8243; overlay_alpha=&#8221;50&#8243; shift_x=&#8221;0&#8243; shift_y=&#8221;0&#8243; shift_y_down=&#8221;0&#8243; z_index=&#8221;0&#8243; medium_width=&#8221;0&#8243; mobile_width=&#8221;0&#8243; width=&#8221;1\/2&#8243; uncode_shortcode_id=&#8221;137686&#8243; css=&#8221;.vc_custom_1715862183411{padding-top: 60px !important;padding-bottom: 60px !important;}&#8221;][vc_custom_heading heading_semantic=&#8221;h3&#8243; text_font=&#8221;font-956804&#8243; text_transform=&#8221;uppercase&#8221; uncode_shortcode_id=&#8221;157289&#8243;]Infos pratiques et r\u00e9servations[\/vc_custom_heading][vc_column_text text_lead=&#8221;yes&#8221; uncode_shortcode_id=&#8221;111032&#8243;]Pour faciliter votre participation \u00e0 nos \u00e9v\u00e9nements musicaux, nous mettons \u00e0 votre disposition les informations essentielles suivantes :<\/p>\n<ul>\n<li><strong>Calendrier des \u00e9v\u00e9nements<\/strong> : Consultez notre site web pour acc\u00e9der \u00e0 notre programmation d\u00e9taill\u00e9e et mise \u00e0 jour r\u00e9guli\u00e8rement.<\/li>\n<li><strong>Accessibilit\u00e9<\/strong> : Des informations d\u00e9taill\u00e9es sur l&#8217;acc\u00e8s \u00e0 La Commune, incluant les options de transport en commun et de stationnement, sont disponibles sur notre site web.<\/li>\n<li><strong>Contact<\/strong> : Pour toute demande sp\u00e9cifique, notre \u00e9quipe se tient \u00e0 votre disposition par email.<\/li>\n<\/ul>\n<p>[\/vc_column_text][\/vc_column][vc_column column_width_percent=&#8221;100&#8243; gutter_size=&#8221;3&#8243; back_image=&#8221;35093&#8243; parallax=&#8221;yes&#8221; overlay_alpha=&#8221;50&#8243; shift_x=&#8221;0&#8243; shift_y=&#8221;0&#8243; shift_y_down=&#8221;0&#8243; z_index=&#8221;0&#8243; medium_width=&#8221;0&#8243; mobile_width=&#8221;0&#8243; width=&#8221;1\/2&#8243; uncode_shortcode_id=&#8221;115729&#8243;][\/vc_column][\/vc_row][vc_row row_height_percent=&#8221;0&#8243; overlay_alpha=&#8221;50&#8243; gutter_size=&#8221;3&#8243; column_width_percent=&#8221;100&#8243; shift_y=&#8221;0&#8243; z_index=&#8221;0&#8243; uncode_shortcode_id=&#8221;185254&#8243;][vc_column width=&#8221;1\/1&#8243;][vc_custom_heading text_font=&#8221;font-956804&#8243; text_size=&#8221;h1&#8243; text_transform=&#8221;uppercase&#8221; uncode_shortcode_id=&#8221;177422&#8243; text_color_type=&#8221;uncode-solid&#8221; text_color_solid=&#8221;#2f81c4&#8243;]NOS \u00c9V\u00c9NEMENTS[\/vc_custom_heading][uncode_index el_id=&#8221;index-208384&#8243; index_type=&#8221;carousel&#8221; loop=&#8221;size:10|order_by:date|post_type:portfolio|tax_query:16,7|taxonomy_count:10&#8243; carousel_lg=&#8221;3&#8243; carousel_md=&#8221;3&#8243; carousel_sm=&#8221;2&#8243; thumb_size=&#8221;one-one&#8221; gutter_size=&#8221;0&#8243; portfolio_items=&#8221;title,category|nobg|relative|display-icon,detail-448904&#8243; carousel_interval=&#8221;3000&#8243; carousel_navspeed=&#8221;400&#8243; carousel_loop=&#8221;yes&#8221; carousel_overflow=&#8221;yes&#8221; carousel_dots=&#8221;yes&#8221; carousel_dots_mobile=&#8221;yes&#8221; stage_padding=&#8221;0&#8243; single_text=&#8221;overlay&#8221; single_back_color=&#8221;color-156327&#8243; single_overlay_opacity=&#8221;1&#8243; single_overlay_visible=&#8221;yes&#8221; single_overlay_anim=&#8221;no&#8221; single_text_visible=&#8221;yes&#8221; single_text_anim=&#8221;no&#8221; single_image_anim=&#8221;no&#8221; single_padding=&#8221;1&#8243; single_text_reduced=&#8221;yes&#8221; single_title_dimension=&#8221;h3&#8243; single_border=&#8221;yes&#8221; no_double_tap=&#8221;yes&#8221; uncode_shortcode_id=&#8221;213318&#8243;][\/vc_column][\/vc_row]<\/p>\n<\/div>","protected":false},"excerpt":{"rendered":"<p>[vc_row row_height_percent=&#8221;0&#8243; overlay_alpha=&#8221;50&#8243; gutter_size=&#8221;3&#8243; column_width_percent=&#8221;100&#8243; shift_y=&#8221;0&#8243; z_index=&#8221;0&#8243; uncode_shortcode_id=&#8221;149188&#8243; back_color_type=&#8221;uncode-solid&#8221; back_color_solid=&#8221;#00a66a&#8221; el_class=&#8221;green-bloc&#8221;][vc_column column_width_percent=&#8221;100&#8243; align_horizontal=&#8221;align_center&#8221; gutter_size=&#8221;3&#8243; style=&#8221;dark&#8221; overlay_alpha=&#8221;50&#8243; shift_x=&#8221;0&#8243; shift_y=&#8221;0&#8243; shift_y_down=&#8221;0&#8243; z_index=&#8221;0&#8243; [&hellip;]<\/p>\n","protected":false},"author":1,"featured_media":0,"parent":0,"menu_order":0,"comment_status":"closed","ping_status":"closed","template":"","meta":{"_acf_changed":false,"_monsterinsights_skip_tracking":false,"_monsterinsights_sitenote_active":false,"_monsterinsights_sitenote_note":"","_monsterinsights_sitenote_category":0,"footnotes":""},"class_list":["post-34907","page","type-page","status-publish","hentry"],"acf":[],"yoast_head":"<!-- This site is optimized with the Yoast SEO plugin v27.5 - https:\/\/yoast.com\/product\/yoast-seo-wordpress\/ -->\n<title>Nos \u00e9v\u00e9nements musicaux \u00e0 La Commune<\/title>\n<meta name=\"description\" content=\"D\u00e9couvrez les meilleurs \u00e9v\u00e9nements musicaux \u00e0 Lyon avec notre programmation vari\u00e9e de concerts et spectacles \u00e0 La Commune. Profitez de performances live tout au long de l&#039;ann\u00e9e. Rejoignez-nous pour des soir\u00e9es inoubliables dans une ambiance conviviale.\" \/>\n<meta name=\"robots\" content=\"index, follow, max-snippet:-1, max-image-preview:large, max-video-preview:-1\" \/>\n<link rel=\"canonical\" href=\"https:\/\/lacommune.co\/saint-etienne\/nos-evenements-musicaux-a-la-commune\/\" \/>\n<meta property=\"og:locale\" content=\"fr_FR\" \/>\n<meta property=\"og:type\" content=\"article\" \/>\n<meta property=\"og:title\" content=\"Nos \u00e9v\u00e9nements musicaux \u00e0 La Commune\" \/>\n<meta property=\"og:description\" content=\"D\u00e9couvrez les meilleurs \u00e9v\u00e9nements musicaux \u00e0 Lyon avec notre programmation vari\u00e9e de concerts et spectacles \u00e0 La Commune. Profitez de performances live tout au long de l&#039;ann\u00e9e. Rejoignez-nous pour des soir\u00e9es inoubliables dans une ambiance conviviale.\" \/>\n<meta property=\"og:url\" content=\"https:\/\/lacommune.co\/saint-etienne\/nos-evenements-musicaux-a-la-commune\/\" \/>\n<meta property=\"og:site_name\" content=\"LA COMMUNE\" \/>\n<meta property=\"article:publisher\" content=\"https:\/\/www.facebook.com\/lacommuneentrezlibres\/\" \/>\n<meta property=\"article:modified_time\" content=\"2024-12-04T15:09:04+00:00\" \/>\n<meta property=\"og:image\" content=\"https:\/\/lacommune.co\/saint-etienne\/wp-content\/uploads\/2021\/12\/screenshot-2021-12-14-a\u0300-00.23.53-scaled.png\" \/>\n\t<meta property=\"og:image:width\" content=\"2560\" \/>\n\t<meta property=\"og:image:height\" content=\"1389\" \/>\n\t<meta property=\"og:image:type\" content=\"image\/png\" \/>\n<meta name=\"twitter:card\" content=\"summary_large_image\" \/>\n<meta name=\"twitter:label1\" content=\"Dur\u00e9e de lecture estim\u00e9e\" \/>\n\t<meta name=\"twitter:data1\" content=\"5 minutes\" \/>\n<!-- \/ Yoast SEO plugin. -->","yoast_head_json":{"title":"Nos \u00e9v\u00e9nements musicaux \u00e0 La Commune","description":"D\u00e9couvrez les meilleurs \u00e9v\u00e9nements musicaux \u00e0 Lyon avec notre programmation vari\u00e9e de concerts et spectacles \u00e0 La Commune. Profitez de performances live tout au long de l'ann\u00e9e. Rejoignez-nous pour des soir\u00e9es inoubliables dans une ambiance conviviale.","robots":{"index":"index","follow":"follow","max-snippet":"max-snippet:-1","max-image-preview":"max-image-preview:large","max-video-preview":"max-video-preview:-1"},"canonical":"https:\/\/lacommune.co\/saint-etienne\/nos-evenements-musicaux-a-la-commune\/","og_locale":"fr_FR","og_type":"article","og_title":"Nos \u00e9v\u00e9nements musicaux \u00e0 La Commune","og_description":"D\u00e9couvrez les meilleurs \u00e9v\u00e9nements musicaux \u00e0 Lyon avec notre programmation vari\u00e9e de concerts et spectacles \u00e0 La Commune. Profitez de performances live tout au long de l'ann\u00e9e. Rejoignez-nous pour des soir\u00e9es inoubliables dans une ambiance conviviale.","og_url":"https:\/\/lacommune.co\/saint-etienne\/nos-evenements-musicaux-a-la-commune\/","og_site_name":"LA COMMUNE","article_publisher":"https:\/\/www.facebook.com\/lacommuneentrezlibres\/","article_modified_time":"2024-12-04T15:09:04+00:00","og_image":[{"width":2560,"height":1389,"url":"https:\/\/lacommune.co\/saint-etienne\/wp-content\/uploads\/2021\/12\/screenshot-2021-12-14-a\u0300-00.23.53-scaled.png","type":"image\/png"}],"twitter_card":"summary_large_image","twitter_misc":{"Dur\u00e9e de lecture estim\u00e9e":"5 minutes"},"schema":{"@context":"https:\/\/schema.org","@graph":[{"@type":"WebPage","@id":"https:\/\/lacommune.co\/saint-etienne\/nos-evenements-musicaux-a-la-commune\/","url":"https:\/\/lacommune.co\/saint-etienne\/nos-evenements-musicaux-a-la-commune\/","name":"Nos \u00e9v\u00e9nements musicaux \u00e0 La Commune","isPartOf":{"@id":"https:\/\/lacommune.co\/saint-etienne\/#website"},"datePublished":"2024-08-21T06:15:48+00:00","dateModified":"2024-12-04T15:09:04+00:00","description":"D\u00e9couvrez les meilleurs \u00e9v\u00e9nements musicaux \u00e0 Lyon avec notre programmation vari\u00e9e de concerts et spectacles \u00e0 La Commune. Profitez de performances live tout au long de l'ann\u00e9e. Rejoignez-nous pour des soir\u00e9es inoubliables dans une ambiance conviviale.","breadcrumb":{"@id":"https:\/\/lacommune.co\/saint-etienne\/nos-evenements-musicaux-a-la-commune\/#breadcrumb"},"inLanguage":"fr-FR","potentialAction":[{"@type":"ReadAction","target":["https:\/\/lacommune.co\/saint-etienne\/nos-evenements-musicaux-a-la-commune\/"]}]},{"@type":"BreadcrumbList","@id":"https:\/\/lacommune.co\/saint-etienne\/nos-evenements-musicaux-a-la-commune\/#breadcrumb","itemListElement":[{"@type":"ListItem","position":1,"name":"Accueil","item":"https:\/\/lacommune.co\/saint-etienne\/"},{"@type":"ListItem","position":2,"name":"Nos \u00e9v\u00e9nements musicaux \u00e0 La Commune"}]},{"@type":"WebSite","@id":"https:\/\/lacommune.co\/saint-etienne\/#website","url":"https:\/\/lacommune.co\/saint-etienne\/","name":"LA COMMUNE","description":"LYON","publisher":{"@id":"https:\/\/lacommune.co\/saint-etienne\/#organization"},"potentialAction":[{"@type":"SearchAction","target":{"@type":"EntryPoint","urlTemplate":"https:\/\/lacommune.co\/saint-etienne\/?s={search_term_string}"},"query-input":{"@type":"PropertyValueSpecification","valueRequired":true,"valueName":"search_term_string"}}],"inLanguage":"fr-FR"},{"@type":"Organization","@id":"https:\/\/lacommune.co\/saint-etienne\/#organization","name":"LA COMMUNE","url":"https:\/\/lacommune.co\/saint-etienne\/","logo":{"@type":"ImageObject","inLanguage":"fr-FR","@id":"https:\/\/lacommune.co\/saint-etienne\/#\/schema\/logo\/image\/","url":"https:\/\/lacommune.co\/saint-etienne\/wp-content\/uploads\/2021\/06\/lacommunelogo-1.svg","contentUrl":"https:\/\/lacommune.co\/saint-etienne\/wp-content\/uploads\/2021\/06\/lacommunelogo-1.svg","width":"1","height":"1","caption":"LA COMMUNE"},"image":{"@id":"https:\/\/lacommune.co\/saint-etienne\/#\/schema\/logo\/image\/"},"sameAs":["https:\/\/www.facebook.com\/lacommuneentrezlibres\/","https:\/\/www.instagram.com\/lacommuneentrezlibres\/","https:\/\/www.linkedin.com\/company\/lacommune-entrezlibres\/"]}]}},"_links":{"self":[{"href":"https:\/\/lacommune.co\/saint-etienne\/wp-json\/wp\/v2\/pages\/34907","targetHints":{"allow":["GET"]}}],"collection":[{"href":"https:\/\/lacommune.co\/saint-etienne\/wp-json\/wp\/v2\/pages"}],"about":[{"href":"https:\/\/lacommune.co\/saint-etienne\/wp-json\/wp\/v2\/types\/page"}],"author":[{"embeddable":true,"href":"https:\/\/lacommune.co\/saint-etienne\/wp-json\/wp\/v2\/users\/1"}],"replies":[{"embeddable":true,"href":"https:\/\/lacommune.co\/saint-etienne\/wp-json\/wp\/v2\/comments?post=34907"}],"version-history":[{"count":7,"href":"https:\/\/lacommune.co\/saint-etienne\/wp-json\/wp\/v2\/pages\/34907\/revisions"}],"predecessor-version":[{"id":35846,"href":"https:\/\/lacommune.co\/saint-etienne\/wp-json\/wp\/v2\/pages\/34907\/revisions\/35846"}],"wp:attachment":[{"href":"https:\/\/lacommune.co\/saint-etienne\/wp-json\/wp\/v2\/media?parent=34907"}],"curies":[{"name":"wp","href":"https:\/\/api.w.org\/{rel}","templated":true}]}}