{"id":34913,"date":"2024-08-21T08:41:36","date_gmt":"2024-08-21T06:41:36","guid":{"rendered":"https:\/\/lacommune.co\/saint-etienne\/?page_id=34913"},"modified":"2024-12-04T16:10:28","modified_gmt":"2024-12-04T15:10:28","slug":"marches-et-expositions-a-la-commune","status":"publish","type":"page","link":"https:\/\/lacommune.co\/saint-etienne\/marches-et-expositions-a-la-commune\/","title":{"rendered":"March\u00e9s et expositions \u00e0 La Commune"},"content":{"rendered":"<div class=\"wpb-content-wrapper\"><p>[vc_row row_height_percent=&#8221;0&#8243; overlay_alpha=&#8221;50&#8243; gutter_size=&#8221;3&#8243; column_width_percent=&#8221;100&#8243; shift_y=&#8221;0&#8243; z_index=&#8221;0&#8243; uncode_shortcode_id=&#8221;149188&#8243; back_color_type=&#8221;uncode-solid&#8221; back_color_solid=&#8221;#00a66a&#8221; el_class=&#8221;green-bloc&#8221;][vc_column column_width_percent=&#8221;100&#8243; align_horizontal=&#8221;align_center&#8221; gutter_size=&#8221;3&#8243; style=&#8221;dark&#8221; overlay_alpha=&#8221;50&#8243; shift_x=&#8221;0&#8243; shift_y=&#8221;0&#8243; shift_y_down=&#8221;0&#8243; z_index=&#8221;0&#8243; medium_width=&#8221;0&#8243; mobile_width=&#8221;0&#8243; width=&#8221;1\/1&#8243; uncode_shortcode_id=&#8221;100599&#8243;][vc_custom_heading heading_semantic=&#8221;h1&#8243; text_font=&#8221;font-956804&#8243; text_transform=&#8221;uppercase&#8221; uncode_shortcode_id=&#8221;655295&#8243; el_class=&#8221;big-text-home&#8221;]March\u00e9s et expositions \u00e0 La Commune[\/vc_custom_heading][vc_column_text text_lead=&#8221;yes&#8221; uncode_shortcode_id=&#8221;191975&#8243;]D\u00e9couvrez une programmation vari\u00e9e mettant en avant l&#8217;artisanat local et des expositions d&#8217;art contemporain et classique. Que vous soyez amateur d&#8217;art, \u00e0 la recherche d&#8217;objets artisanaux uniques, ou curieux de d\u00e9couvrir des expositions actuelles, La Commune est votre destination id\u00e9ale \u00e0 Lyon.[\/vc_column_text][\/vc_column][\/vc_row][vc_row unlock_row_content=&#8221;yes&#8221; row_height_percent=&#8221;0&#8243; override_padding=&#8221;yes&#8221; h_padding=&#8221;1&#8243; top_padding=&#8221;0&#8243; bottom_padding=&#8221;0&#8243; overlay_alpha=&#8221;50&#8243; equal_height=&#8221;yes&#8221; gutter_size=&#8221;0&#8243; column_width_percent=&#8221;100&#8243; shift_y=&#8221;0&#8243; z_index=&#8221;0&#8243; uncode_shortcode_id=&#8221;892905&#8243; back_color_type=&#8221;uncode-solid&#8221; back_color_solid=&#8221;#fbf0f0&#8243;][vc_column column_width_percent=&#8221;100&#8243; align_horizontal=&#8221;align_center&#8221; gutter_size=&#8221;2&#8243; override_padding=&#8221;yes&#8221; column_padding=&#8221;3&#8243; overlay_alpha=&#8221;50&#8243; shift_x=&#8221;0&#8243; shift_y=&#8221;0&#8243; shift_y_down=&#8221;0&#8243; z_index=&#8221;0&#8243; medium_width=&#8221;0&#8243; mobile_width=&#8221;0&#8243; width=&#8221;1\/2&#8243; uncode_shortcode_id=&#8221;137686&#8243; css=&#8221;.vc_custom_1715862183411{padding-top: 60px !important;padding-bottom: 60px !important;}&#8221;][vc_custom_heading text_font=&#8221;font-956804&#8243; text_transform=&#8221;uppercase&#8221; uncode_shortcode_id=&#8221;122398&#8243;]March\u00e9 de l&#8217;artisanat \u00e0 la commune[\/vc_custom_heading][vc_column_text text_lead=&#8221;yes&#8221; uncode_shortcode_id=&#8221;176884&#8243;]Le march\u00e9 de l&#8217;artisanat de la commune est devenu un rendez-vous incontournable pour les amateurs de cr\u00e9ations uniques et authentiques \u00e0 Lyon. Voici ce qui distingue notre march\u00e9 :<\/p>\n<ul>\n<li>Diversit\u00e9 des produits :<br \/>\nBijoux artisanaux : pi\u00e8ces uniques utilisant des techniques traditionnelles et innovantes<br \/>\nV\u00eatements de seconde main : s\u00e9lection soign\u00e9e de pi\u00e8ces vintage et upcycl\u00e9es<br \/>\nArt et d\u00e9coration : \u0153uvres originales, objets d\u00e9coratifs faits main<\/li>\n<li>Produits locaux : cosm\u00e9tiques naturels, produits gastronomiques artisanaux<br \/>\nEngagement \u00e9thique et durable :<br \/>\nPromotion de l&#8217;\u00e9conomie locale et des circuits courts<br \/>\nAccent sur les pratiques \u00e9coresponsables et le commerce \u00e9quitable.<\/li>\n<li>\u00c9v\u00e9nements sp\u00e9ciaux :<br \/>\nMarch\u00e9s th\u00e9matiques saisonniers (march\u00e9 de No\u00ebl, march\u00e9 de printemps)<\/li>\n<\/ul>\n<p>Le march\u00e9 de l&#8217;artisanat de La Commune offre ainsi une exp\u00e9rience unique, alliant d\u00e9couverte culturelle, soutien \u00e0 l&#8217;\u00e9conomie locale et opportunit\u00e9 d&#8217;acqu\u00e9rir des pi\u00e8ces uniques dans une ambiance conviviale et authentique.[\/vc_column_text][\/vc_column][vc_column column_width_percent=&#8221;100&#8243; gutter_size=&#8221;3&#8243; back_image=&#8221;35122&#8243; parallax=&#8221;yes&#8221; overlay_alpha=&#8221;50&#8243; shift_x=&#8221;0&#8243; shift_y=&#8221;0&#8243; shift_y_down=&#8221;0&#8243; z_index=&#8221;0&#8243; medium_width=&#8221;0&#8243; mobile_width=&#8221;0&#8243; width=&#8221;1\/2&#8243; uncode_shortcode_id=&#8221;148660&#8243;][\/vc_column][\/vc_row][vc_row unlock_row_content=&#8221;yes&#8221; row_height_percent=&#8221;0&#8243; override_padding=&#8221;yes&#8221; h_padding=&#8221;1&#8243; top_padding=&#8221;0&#8243; bottom_padding=&#8221;0&#8243; back_color=&#8221;color-109014&#8243; overlay_alpha=&#8221;50&#8243; equal_height=&#8221;yes&#8221; gutter_size=&#8221;0&#8243; column_width_percent=&#8221;100&#8243; shift_y=&#8221;0&#8243; z_index=&#8221;0&#8243; uncode_shortcode_id=&#8221;853515&#8243; back_color_type=&#8221;uncode-palette&#8221;][vc_column column_width_percent=&#8221;100&#8243; gutter_size=&#8221;3&#8243; back_image=&#8221;35123&#8243; parallax=&#8221;yes&#8221; overlay_alpha=&#8221;50&#8243; shift_x=&#8221;0&#8243; shift_y=&#8221;0&#8243; shift_y_down=&#8221;0&#8243; z_index=&#8221;0&#8243; medium_width=&#8221;0&#8243; mobile_width=&#8221;0&#8243; width=&#8221;1\/2&#8243; uncode_shortcode_id=&#8221;207309&#8243;][\/vc_column][vc_column column_width_percent=&#8221;100&#8243; align_horizontal=&#8221;align_center&#8221; gutter_size=&#8221;2&#8243; override_padding=&#8221;yes&#8221; column_padding=&#8221;3&#8243; style=&#8221;dark&#8221; overlay_alpha=&#8221;50&#8243; shift_x=&#8221;0&#8243; shift_y=&#8221;0&#8243; shift_y_down=&#8221;0&#8243; z_index=&#8221;0&#8243; medium_width=&#8221;0&#8243; mobile_width=&#8221;0&#8243; width=&#8221;1\/2&#8243; uncode_shortcode_id=&#8221;613122&#8243; css=&#8221;.vc_custom_1724222494333{padding-top: 60px !important;padding-bottom: 60px !important;}&#8221;][vc_custom_heading heading_semantic=&#8221;h3&#8243; text_font=&#8221;font-956804&#8243; text_transform=&#8221;uppercase&#8221; uncode_shortcode_id=&#8221;144038&#8243;]Infos pratiques et r\u00e9servations[\/vc_custom_heading][vc_column_text text_lead=&#8221;yes&#8221; uncode_shortcode_id=&#8221;158575&#8243;]La commune s&#8217;engage \u00e0 vous fournir toutes les informations n\u00e9cessaires pour profiter pleinement de nos march\u00e9s et expositions. Voici les d\u00e9tails essentiels pour planifier votre visite :<\/p>\n<p>Calendrier des \u00e9v\u00e9nements :<\/p>\n<p>Notre calendrier en ligne, r\u00e9guli\u00e8rement mis \u00e0 jour, est votre meilleure ressource pour conna\u00eetre les dates et horaires pr\u00e9cis de tous nos \u00e9v\u00e9nements. Vous y trouverez :<\/p>\n<p>&#8211; Les dates des prochains march\u00e9s de l&#8217;artisanat<br \/>\n&#8211; Les p\u00e9riodes d&#8217;exposition en cours et \u00e0 venir<br \/>\n&#8211; Les horaires d&#8217;ouverture sp\u00e9cifiques \u00e0 chaque \u00e9v\u00e9nement<\/p>\n<p>Nous vous invitons \u00e0 explorer la richesse artistique et artisanale que La Commune a \u00e0 offrir. Que vous soyez amateur d&#8217;art contemporain, passionn\u00e9 d&#8217;artisanat local ou simplement curieux, nos \u00e9v\u00e9nements vari\u00e9s sauront vous captiver et vous inspirer.<\/p>\n<p>Pour toute question suppl\u00e9mentaire, n&#8217;h\u00e9sitez pas \u00e0 contacter notre \u00e9quipe d&#8217;accueil, toujours pr\u00eate \u00e0 vous aider \u00e0 planifier votre visite.[\/vc_column_text][vc_button border_width=&#8221;0&#8243; icon_position=&#8221;right&#8221; icon=&#8221;fa fa-asterisk&#8221; uncode_shortcode_id=&#8221;814953&#8243; link=&#8221;url:https%3A%2F%2Flacommune.co%2Fsaint-etienne%2Fprogramme%2F&#8221;]D\u00e9couvrir notre programme[\/vc_button][\/vc_column][\/vc_row]<\/p>\n<\/div>","protected":false},"excerpt":{"rendered":"<p>[vc_row row_height_percent=&#8221;0&#8243; overlay_alpha=&#8221;50&#8243; gutter_size=&#8221;3&#8243; column_width_percent=&#8221;100&#8243; shift_y=&#8221;0&#8243; z_index=&#8221;0&#8243; uncode_shortcode_id=&#8221;149188&#8243; back_color_type=&#8221;uncode-solid&#8221; back_color_solid=&#8221;#00a66a&#8221; el_class=&#8221;green-bloc&#8221;][vc_column column_width_percent=&#8221;100&#8243; align_horizontal=&#8221;align_center&#8221; gutter_size=&#8221;3&#8243; style=&#8221;dark&#8221; overlay_alpha=&#8221;50&#8243; shift_x=&#8221;0&#8243; shift_y=&#8221;0&#8243; shift_y_down=&#8221;0&#8243; z_index=&#8221;0&#8243; [&hellip;]<\/p>\n","protected":false},"author":1,"featured_media":0,"parent":0,"menu_order":0,"comment_status":"closed","ping_status":"closed","template":"","meta":{"_acf_changed":false,"_monsterinsights_skip_tracking":false,"_monsterinsights_sitenote_active":false,"_monsterinsights_sitenote_note":"","_monsterinsights_sitenote_category":0,"footnotes":""},"class_list":["post-34913","page","type-page","status-publish","hentry"],"acf":[],"yoast_head":"<!-- This site is optimized with the Yoast SEO plugin v27.5 - https:\/\/yoast.com\/product\/yoast-seo-wordpress\/ -->\n<title>March\u00e9s et expositions \u00e0 La Commune<\/title>\n<meta name=\"description\" content=\"D\u00e9couvrez les march\u00e9s et expositions \u00e0 La Commune \u00e0 Lyon. Explorez l&#039;artisanat local au march\u00e9 de l&#039;artisanat et visitez des expositions d&#039;art. Consultez notre calendrier pour conna\u00eetre les \u00e9v\u00e9nements d&#039;aujourd&#039;hui et \u00e0 venir.\" \/>\n<meta name=\"robots\" content=\"index, follow, max-snippet:-1, max-image-preview:large, max-video-preview:-1\" \/>\n<link rel=\"canonical\" href=\"https:\/\/lacommune.co\/saint-etienne\/marches-et-expositions-a-la-commune\/\" \/>\n<meta property=\"og:locale\" content=\"fr_FR\" \/>\n<meta property=\"og:type\" content=\"article\" \/>\n<meta property=\"og:title\" content=\"March\u00e9s et expositions \u00e0 La Commune\" \/>\n<meta property=\"og:description\" content=\"D\u00e9couvrez les march\u00e9s et expositions \u00e0 La Commune \u00e0 Lyon. Explorez l&#039;artisanat local au march\u00e9 de l&#039;artisanat et visitez des expositions d&#039;art. Consultez notre calendrier pour conna\u00eetre les \u00e9v\u00e9nements d&#039;aujourd&#039;hui et \u00e0 venir.\" \/>\n<meta property=\"og:url\" content=\"https:\/\/lacommune.co\/saint-etienne\/marches-et-expositions-a-la-commune\/\" \/>\n<meta property=\"og:site_name\" content=\"LA COMMUNE\" \/>\n<meta property=\"article:publisher\" content=\"https:\/\/www.facebook.com\/lacommuneentrezlibres\/\" \/>\n<meta property=\"article:modified_time\" content=\"2024-12-04T15:10:28+00:00\" \/>\n<meta property=\"og:image\" content=\"https:\/\/lacommune.co\/saint-etienne\/wp-content\/uploads\/2021\/12\/screenshot-2021-12-14-a\u0300-00.23.53-scaled.png\" \/>\n\t<meta property=\"og:image:width\" content=\"2560\" \/>\n\t<meta property=\"og:image:height\" content=\"1389\" \/>\n\t<meta property=\"og:image:type\" content=\"image\/png\" \/>\n<meta name=\"twitter:card\" content=\"summary_large_image\" \/>\n<meta name=\"twitter:label1\" content=\"Dur\u00e9e de lecture estim\u00e9e\" \/>\n\t<meta name=\"twitter:data1\" content=\"3 minutes\" \/>\n<!-- \/ Yoast SEO plugin. -->","yoast_head_json":{"title":"March\u00e9s et expositions \u00e0 La Commune","description":"D\u00e9couvrez les march\u00e9s et expositions \u00e0 La Commune \u00e0 Lyon. Explorez l'artisanat local au march\u00e9 de l'artisanat et visitez des expositions d'art. Consultez notre calendrier pour conna\u00eetre les \u00e9v\u00e9nements d'aujourd'hui et \u00e0 venir.","robots":{"index":"index","follow":"follow","max-snippet":"max-snippet:-1","max-image-preview":"max-image-preview:large","max-video-preview":"max-video-preview:-1"},"canonical":"https:\/\/lacommune.co\/saint-etienne\/marches-et-expositions-a-la-commune\/","og_locale":"fr_FR","og_type":"article","og_title":"March\u00e9s et expositions \u00e0 La Commune","og_description":"D\u00e9couvrez les march\u00e9s et expositions \u00e0 La Commune \u00e0 Lyon. Explorez l'artisanat local au march\u00e9 de l'artisanat et visitez des expositions d'art. Consultez notre calendrier pour conna\u00eetre les \u00e9v\u00e9nements d'aujourd'hui et \u00e0 venir.","og_url":"https:\/\/lacommune.co\/saint-etienne\/marches-et-expositions-a-la-commune\/","og_site_name":"LA COMMUNE","article_publisher":"https:\/\/www.facebook.com\/lacommuneentrezlibres\/","article_modified_time":"2024-12-04T15:10:28+00:00","og_image":[{"width":2560,"height":1389,"url":"https:\/\/lacommune.co\/saint-etienne\/wp-content\/uploads\/2021\/12\/screenshot-2021-12-14-a\u0300-00.23.53-scaled.png","type":"image\/png"}],"twitter_card":"summary_large_image","twitter_misc":{"Dur\u00e9e de lecture estim\u00e9e":"3 minutes"},"schema":{"@context":"https:\/\/schema.org","@graph":[{"@type":"WebPage","@id":"https:\/\/lacommune.co\/saint-etienne\/marches-et-expositions-a-la-commune\/","url":"https:\/\/lacommune.co\/saint-etienne\/marches-et-expositions-a-la-commune\/","name":"March\u00e9s et expositions \u00e0 La Commune","isPartOf":{"@id":"https:\/\/lacommune.co\/saint-etienne\/#website"},"datePublished":"2024-08-21T06:41:36+00:00","dateModified":"2024-12-04T15:10:28+00:00","description":"D\u00e9couvrez les march\u00e9s et expositions \u00e0 La Commune \u00e0 Lyon. Explorez l'artisanat local au march\u00e9 de l'artisanat et visitez des expositions d'art. Consultez notre calendrier pour conna\u00eetre les \u00e9v\u00e9nements d'aujourd'hui et \u00e0 venir.","breadcrumb":{"@id":"https:\/\/lacommune.co\/saint-etienne\/marches-et-expositions-a-la-commune\/#breadcrumb"},"inLanguage":"fr-FR","potentialAction":[{"@type":"ReadAction","target":["https:\/\/lacommune.co\/saint-etienne\/marches-et-expositions-a-la-commune\/"]}]},{"@type":"BreadcrumbList","@id":"https:\/\/lacommune.co\/saint-etienne\/marches-et-expositions-a-la-commune\/#breadcrumb","itemListElement":[{"@type":"ListItem","position":1,"name":"Accueil","item":"https:\/\/lacommune.co\/saint-etienne\/"},{"@type":"ListItem","position":2,"name":"March\u00e9s et expositions \u00e0 La Commune"}]},{"@type":"WebSite","@id":"https:\/\/lacommune.co\/saint-etienne\/#website","url":"https:\/\/lacommune.co\/saint-etienne\/","name":"LA COMMUNE","description":"LYON","publisher":{"@id":"https:\/\/lacommune.co\/saint-etienne\/#organization"},"potentialAction":[{"@type":"SearchAction","target":{"@type":"EntryPoint","urlTemplate":"https:\/\/lacommune.co\/saint-etienne\/?s={search_term_string}"},"query-input":{"@type":"PropertyValueSpecification","valueRequired":true,"valueName":"search_term_string"}}],"inLanguage":"fr-FR"},{"@type":"Organization","@id":"https:\/\/lacommune.co\/saint-etienne\/#organization","name":"LA COMMUNE","url":"https:\/\/lacommune.co\/saint-etienne\/","logo":{"@type":"ImageObject","inLanguage":"fr-FR","@id":"https:\/\/lacommune.co\/saint-etienne\/#\/schema\/logo\/image\/","url":"https:\/\/lacommune.co\/saint-etienne\/wp-content\/uploads\/2021\/06\/lacommunelogo-1.svg","contentUrl":"https:\/\/lacommune.co\/saint-etienne\/wp-content\/uploads\/2021\/06\/lacommunelogo-1.svg","width":"1","height":"1","caption":"LA COMMUNE"},"image":{"@id":"https:\/\/lacommune.co\/saint-etienne\/#\/schema\/logo\/image\/"},"sameAs":["https:\/\/www.facebook.com\/lacommuneentrezlibres\/","https:\/\/www.instagram.com\/lacommuneentrezlibres\/","https:\/\/www.linkedin.com\/company\/lacommune-entrezlibres\/"]}]}},"_links":{"self":[{"href":"https:\/\/lacommune.co\/saint-etienne\/wp-json\/wp\/v2\/pages\/34913","targetHints":{"allow":["GET"]}}],"collection":[{"href":"https:\/\/lacommune.co\/saint-etienne\/wp-json\/wp\/v2\/pages"}],"about":[{"href":"https:\/\/lacommune.co\/saint-etienne\/wp-json\/wp\/v2\/types\/page"}],"author":[{"embeddable":true,"href":"https:\/\/lacommune.co\/saint-etienne\/wp-json\/wp\/v2\/users\/1"}],"replies":[{"embeddable":true,"href":"https:\/\/lacommune.co\/saint-etienne\/wp-json\/wp\/v2\/comments?post=34913"}],"version-history":[{"count":6,"href":"https:\/\/lacommune.co\/saint-etienne\/wp-json\/wp\/v2\/pages\/34913\/revisions"}],"predecessor-version":[{"id":35850,"href":"https:\/\/lacommune.co\/saint-etienne\/wp-json\/wp\/v2\/pages\/34913\/revisions\/35850"}],"wp:attachment":[{"href":"https:\/\/lacommune.co\/saint-etienne\/wp-json\/wp\/v2\/media?parent=34913"}],"curies":[{"name":"wp","href":"https:\/\/api.w.org\/{rel}","templated":true}]}}