{"id":40317,"date":"2026-04-27T17:31:17","date_gmt":"2026-04-27T15:31:17","guid":{"rendered":"https:\/\/lacommune.co\/saint-etienne\/?post_type=portfolio&#038;p=40317"},"modified":"2026-04-27T17:31:17","modified_gmt":"2026-04-27T15:31:17","slug":"friperie-xxl-a-saint-etienne-vente-seconde-main","status":"publish","type":"portfolio","link":"https:\/\/lacommune.co\/saint-etienne\/event\/friperie-xxl-a-saint-etienne-vente-seconde-main\/","title":{"rendered":"Friperie XXL \u00e0 Saint-\u00c9tienne \u2013 Vente seconde main"},"content":{"rendered":"<div class=\"wpb-content-wrapper\"><p>[vc_row row_height_percent=&#8221;0&#8243; override_padding=&#8221;yes&#8221; h_padding=&#8221;2&#8243; top_padding=&#8221;4&#8243; bottom_padding=&#8221;4&#8243; overlay_alpha=&#8221;50&#8243; gutter_size=&#8221;3&#8243; column_width_percent=&#8221;100&#8243; shift_y=&#8221;0&#8243; z_index=&#8221;0&#8243; uncode_shortcode_id=&#8221;103024&#8243;][vc_column width=&#8221;1\/2&#8243;][vc_single_image media=&#8221;40318&#8243; dynamic=&#8221;yes&#8221; media_width_percent=&#8221;54&#8243; media_ratio=&#8221;four-five&#8221; alignment=&#8221;center&#8221; uncode_shortcode_id=&#8221;218756&#8243;][\/vc_column][vc_column column_width_percent=&#8221;83&#8243; position_vertical=&#8221;middle&#8221; align_horizontal=&#8221;align_center&#8221; gutter_size=&#8221;3&#8243; overlay_alpha=&#8221;50&#8243; shift_x=&#8221;0&#8243; shift_y=&#8221;0&#8243; shift_y_down=&#8221;0&#8243; z_index=&#8221;0&#8243; medium_width=&#8221;0&#8243; mobile_width=&#8221;0&#8243; width=&#8221;1\/2&#8243; uncode_shortcode_id=&#8221;165800&#8243;][vc_custom_heading heading_semantic=&#8221;h1&#8243; text_font=&#8221;font-956804&#8243; uncode_shortcode_id=&#8221;185095&#8243;]<\/p>\n<h1>Friperie XXL \u00e0 Saint-\u00c9tienne<\/h1>\n<p>[\/vc_custom_heading][vc_column_text uncode_shortcode_id=&#8221;177341&#8243;]<\/p>\n<div class=\"x14z9mp xat24cr x1lziwak x1vvkbs xtlvy1s\">\n<div class=\"x14z9mp xat24cr x1lziwak x1vvkbs xtlvy1s\" style=\"text-align: left;\">\n<h2 data-section-id=\"188qwek\" data-start=\"305\" data-end=\"360\">Vente seconde main \u00e0 La Colline \u2013 La Commune Mazerat<\/h2>\n<p data-start=\"362\" data-end=\"516\">La Colline, l\u2019espace \u00e9v\u00e9nementiel de La Commune Mazerat, se transforme en <strong data-start=\"436\" data-end=\"476\">v\u00e9ritable paradis de la seconde main<\/strong> le temps d\u2019un week-end \u00e0 Saint-\u00c9tienne.<\/p>\n<p data-start=\"518\" data-end=\"601\">Au programme : du style, de la bonne humeur et des centaines de p\u00e9pites \u00e0 d\u00e9nicher.<\/p>\n<\/div>\n<\/div>\n<p>[\/vc_column_text][vc_column_text uncode_shortcode_id=&#8221;153872&#8243;]<\/p>\n<h2 data-section-id=\"1l0ajbl\" data-start=\"608\" data-end=\"653\">Plus de 2 500 v\u00eatements \u00e0 petits prix<\/h2>\n<p data-start=\"655\" data-end=\"705\">Pr\u00e9parez-vous \u00e0 chiner parmi une large s\u00e9lection :<\/p>\n<ul data-start=\"707\" data-end=\"895\">\n<li data-section-id=\"z9o9pm\" data-start=\"707\" data-end=\"779\"><strong data-start=\"712\" data-end=\"740\">+ 2 500 pi\u00e8ces \u00e0 10\u20ac max<\/strong><br data-start=\"740\" data-end=\"743\" \/>(hors coin premium &amp; streetwear)<\/li>\n<li data-section-id=\"1o5j93n\" data-start=\"780\" data-end=\"809\">\u00a0Pi\u00e8ces premium d\u00e8s 15\u20ac<\/li>\n<li data-section-id=\"7paue\" data-start=\"810\" data-end=\"850\">\u00a0V\u00eatements vintage et seconde main<\/li>\n<li data-section-id=\"1yrevc4\" data-start=\"851\" data-end=\"895\">S\u00e9lection vari\u00e9e pour tous les styles<\/li>\n<\/ul>\n<p data-start=\"897\" data-end=\"959\">Une occasion id\u00e9ale pour renouveler sa garde-robe \u00e0 prix doux.<\/p>\n<p>[\/vc_column_text][vc_empty_space empty_h=&#8221;1&#8243;][vc_column_text uncode_shortcode_id=&#8221;790612&#8243;]<\/p>\n<h2 data-section-id=\"hv9z8o\" data-start=\"1254\" data-end=\"1309\">Pourquoi venir \u00e0 cette friperie \u00e0 Saint-\u00c9tienne ?<\/h2>\n<ul data-start=\"1311\" data-end=\"1446\">\n<li data-section-id=\"1lgl5u8\" data-start=\"1311\" data-end=\"1352\">Grand choix de v\u00eatements seconde main<\/li>\n<li data-section-id=\"18mewku\" data-start=\"1353\" data-end=\"1373\">Prix accessibles<\/li>\n<li data-section-id=\"8pjrng\" data-start=\"1374\" data-end=\"1401\">D\u00e9marche \u00e9coresponsable<\/li>\n<li data-section-id=\"1r9gmo7\" data-start=\"1402\" data-end=\"1446\">Ambiance conviviale \u00e0 La Commune Mazerat<\/li>\n<\/ul>\n<p>[\/vc_column_text][vc_column_text uncode_shortcode_id=&#8221;137328&#8243;]<\/p>\n<h2 data-section-id=\"cb2esa\" data-start=\"1453\" data-end=\"1484\">Informations pratiques<\/h2>\n<ul data-start=\"1486\" data-end=\"1593\">\n<li data-section-id=\"rljz37\" data-start=\"1486\" data-end=\"1524\">\u00a0La Colline \u2013 La Commune Mazerat<\/li>\n<li data-section-id=\"nvtxs3\" data-start=\"1525\" data-end=\"1568\">\u00a0Friperie XXL le temps d\u2019un week-end<\/li>\n<li data-section-id=\"6cxnkl\" data-start=\"1569\" data-end=\"1593\"><strong data-start=\"1575\" data-end=\"1591\">Entr\u00e9e libre<\/strong><\/li>\n<\/ul>\n<p>[\/vc_column_text][\/vc_column][\/vc_row]<\/p>\n<\/div>","protected":false},"excerpt":{"rendered":"<p>[vc_row row_height_percent=&#8221;0&#8243; override_padding=&#8221;yes&#8221; h_padding=&#8221;2&#8243; top_padding=&#8221;4&#8243; bottom_padding=&#8221;4&#8243; overlay_alpha=&#8221;50&#8243; gutter_size=&#8221;3&#8243; column_width_percent=&#8221;100&#8243; shift_y=&#8221;0&#8243; z_index=&#8221;0&#8243; uncode_shortcode_id=&#8221;103024&#8243;][vc_column width=&#8221;1\/2&#8243;][vc_single_image media=&#8221;40318&#8243; dynamic=&#8221;yes&#8221; media_width_percent=&#8221;54&#8243; media_ratio=&#8221;four-five&#8221; alignment=&#8221;center&#8221; uncode_shortcode_id=&#8221;218756&#8243;][\/vc_column][vc_column column_width_percent=&#8221;83&#8243; [&hellip;]<\/p>\n","protected":false},"author":2,"featured_media":40318,"parent":0,"menu_order":0,"comment_status":"closed","ping_status":"closed","template":"","meta":{"_acf_changed":false,"_monsterinsights_skip_tracking":false,"_monsterinsights_sitenote_active":false,"_monsterinsights_sitenote_note":"","_monsterinsights_sitenote_category":0,"footnotes":""},"portfolio_category":[9],"class_list":["post-40317","portfolio","type-portfolio","status-publish","has-post-thumbnail","hentry","portfolio_category-marches"],"acf":{"date":"20260502"},"yoast_head":"<!-- This site is optimized with the Yoast SEO plugin v27.5 - https:\/\/yoast.com\/product\/yoast-seo-wordpress\/ -->\n<title>Friperie XXL \u00e0 Saint-\u00c9tienne \u2013 Vente seconde main - LA COMMUNE<\/title>\n<meta name=\"description\" content=\"Friperie XXL \u00e0 Saint-\u00c9tienne : +2500 pi\u00e8ces \u00e0 petits prix \u00e0 La Commune Mazerat. V\u00eatements seconde main et vintage. Entr\u00e9e libre.\" \/>\n<meta name=\"robots\" content=\"index, follow, max-snippet:-1, max-image-preview:large, max-video-preview:-1\" \/>\n<link rel=\"canonical\" href=\"https:\/\/lacommune.co\/saint-etienne\/event\/friperie-xxl-a-saint-etienne-vente-seconde-main\/\" \/>\n<meta property=\"og:locale\" content=\"fr_FR\" \/>\n<meta property=\"og:type\" content=\"article\" \/>\n<meta property=\"og:title\" content=\"Friperie XXL \u00e0 Saint-\u00c9tienne \u2013 Vente seconde main - LA COMMUNE\" \/>\n<meta property=\"og:description\" content=\"Friperie XXL \u00e0 Saint-\u00c9tienne : +2500 pi\u00e8ces \u00e0 petits prix \u00e0 La Commune Mazerat. V\u00eatements seconde main et vintage. Entr\u00e9e libre.\" \/>\n<meta property=\"og:url\" content=\"https:\/\/lacommune.co\/saint-etienne\/event\/friperie-xxl-a-saint-etienne-vente-seconde-main\/\" \/>\n<meta property=\"og:site_name\" content=\"LA COMMUNE\" \/>\n<meta property=\"article:publisher\" content=\"https:\/\/www.facebook.com\/lacommuneentrezlibres\/\" \/>\n<meta property=\"og:image\" content=\"https:\/\/lacommune.co\/saint-etienne\/wp-content\/uploads\/2026\/04\/1080x1350-Mai-visuel-programmation-scaled.png\" \/>\n\t<meta property=\"og:image:width\" content=\"2048\" \/>\n\t<meta property=\"og:image:height\" content=\"2560\" \/>\n\t<meta property=\"og:image:type\" content=\"image\/png\" \/>\n<meta name=\"twitter:card\" content=\"summary_large_image\" \/>\n<meta name=\"twitter:label1\" content=\"Dur\u00e9e de lecture estim\u00e9e\" \/>\n\t<meta name=\"twitter:data1\" content=\"2 minutes\" \/>\n<!-- \/ Yoast SEO plugin. -->","yoast_head_json":{"title":"Friperie XXL \u00e0 Saint-\u00c9tienne \u2013 Vente seconde main - LA COMMUNE","description":"Friperie XXL \u00e0 Saint-\u00c9tienne : +2500 pi\u00e8ces \u00e0 petits prix \u00e0 La Commune Mazerat. V\u00eatements seconde main et vintage. Entr\u00e9e libre.","robots":{"index":"index","follow":"follow","max-snippet":"max-snippet:-1","max-image-preview":"max-image-preview:large","max-video-preview":"max-video-preview:-1"},"canonical":"https:\/\/lacommune.co\/saint-etienne\/event\/friperie-xxl-a-saint-etienne-vente-seconde-main\/","og_locale":"fr_FR","og_type":"article","og_title":"Friperie XXL \u00e0 Saint-\u00c9tienne \u2013 Vente seconde main - LA COMMUNE","og_description":"Friperie XXL \u00e0 Saint-\u00c9tienne : +2500 pi\u00e8ces \u00e0 petits prix \u00e0 La Commune Mazerat. V\u00eatements seconde main et vintage. Entr\u00e9e libre.","og_url":"https:\/\/lacommune.co\/saint-etienne\/event\/friperie-xxl-a-saint-etienne-vente-seconde-main\/","og_site_name":"LA COMMUNE","article_publisher":"https:\/\/www.facebook.com\/lacommuneentrezlibres\/","og_image":[{"width":2048,"height":2560,"url":"https:\/\/lacommune.co\/saint-etienne\/wp-content\/uploads\/2026\/04\/1080x1350-Mai-visuel-programmation-scaled.png","type":"image\/png"}],"twitter_card":"summary_large_image","twitter_misc":{"Dur\u00e9e de lecture estim\u00e9e":"2 minutes"},"schema":{"@context":"https:\/\/schema.org","@graph":[{"@type":"WebPage","@id":"https:\/\/lacommune.co\/saint-etienne\/event\/friperie-xxl-a-saint-etienne-vente-seconde-main\/","url":"https:\/\/lacommune.co\/saint-etienne\/event\/friperie-xxl-a-saint-etienne-vente-seconde-main\/","name":"Friperie XXL \u00e0 Saint-\u00c9tienne \u2013 Vente seconde main - LA COMMUNE","isPartOf":{"@id":"https:\/\/lacommune.co\/saint-etienne\/#website"},"primaryImageOfPage":{"@id":"https:\/\/lacommune.co\/saint-etienne\/event\/friperie-xxl-a-saint-etienne-vente-seconde-main\/#primaryimage"},"image":{"@id":"https:\/\/lacommune.co\/saint-etienne\/event\/friperie-xxl-a-saint-etienne-vente-seconde-main\/#primaryimage"},"thumbnailUrl":"https:\/\/lacommune.co\/saint-etienne\/wp-content\/uploads\/2026\/04\/1080x1350-Mai-visuel-programmation-scaled.png","datePublished":"2026-04-27T15:31:17+00:00","description":"Friperie XXL \u00e0 Saint-\u00c9tienne : +2500 pi\u00e8ces \u00e0 petits prix \u00e0 La Commune Mazerat. V\u00eatements seconde main et vintage. Entr\u00e9e libre.","breadcrumb":{"@id":"https:\/\/lacommune.co\/saint-etienne\/event\/friperie-xxl-a-saint-etienne-vente-seconde-main\/#breadcrumb"},"inLanguage":"fr-FR","potentialAction":[{"@type":"ReadAction","target":["https:\/\/lacommune.co\/saint-etienne\/event\/friperie-xxl-a-saint-etienne-vente-seconde-main\/"]}]},{"@type":"ImageObject","inLanguage":"fr-FR","@id":"https:\/\/lacommune.co\/saint-etienne\/event\/friperie-xxl-a-saint-etienne-vente-seconde-main\/#primaryimage","url":"https:\/\/lacommune.co\/saint-etienne\/wp-content\/uploads\/2026\/04\/1080x1350-Mai-visuel-programmation-scaled.png","contentUrl":"https:\/\/lacommune.co\/saint-etienne\/wp-content\/uploads\/2026\/04\/1080x1350-Mai-visuel-programmation-scaled.png","width":"2048","height":"2560"},{"@type":"BreadcrumbList","@id":"https:\/\/lacommune.co\/saint-etienne\/event\/friperie-xxl-a-saint-etienne-vente-seconde-main\/#breadcrumb","itemListElement":[{"@type":"ListItem","position":1,"name":"Accueil","item":"https:\/\/lacommune.co\/saint-etienne\/"},{"@type":"ListItem","position":2,"name":"Event","item":"https:\/\/lacommune.co\/saint-etienne\/event\/"},{"@type":"ListItem","position":3,"name":"Friperie XXL \u00e0 Saint-\u00c9tienne \u2013 Vente seconde main"}]},{"@type":"WebSite","@id":"https:\/\/lacommune.co\/saint-etienne\/#website","url":"https:\/\/lacommune.co\/saint-etienne\/","name":"LA COMMUNE","description":"LYON","publisher":{"@id":"https:\/\/lacommune.co\/saint-etienne\/#organization"},"potentialAction":[{"@type":"SearchAction","target":{"@type":"EntryPoint","urlTemplate":"https:\/\/lacommune.co\/saint-etienne\/?s={search_term_string}"},"query-input":{"@type":"PropertyValueSpecification","valueRequired":true,"valueName":"search_term_string"}}],"inLanguage":"fr-FR"},{"@type":"Organization","@id":"https:\/\/lacommune.co\/saint-etienne\/#organization","name":"LA COMMUNE","url":"https:\/\/lacommune.co\/saint-etienne\/","logo":{"@type":"ImageObject","inLanguage":"fr-FR","@id":"https:\/\/lacommune.co\/saint-etienne\/#\/schema\/logo\/image\/","url":"https:\/\/lacommune.co\/saint-etienne\/wp-content\/uploads\/2021\/06\/lacommunelogo-1.svg","contentUrl":"https:\/\/lacommune.co\/saint-etienne\/wp-content\/uploads\/2021\/06\/lacommunelogo-1.svg","width":"1","height":"1","caption":"LA COMMUNE"},"image":{"@id":"https:\/\/lacommune.co\/saint-etienne\/#\/schema\/logo\/image\/"},"sameAs":["https:\/\/www.facebook.com\/lacommuneentrezlibres\/","https:\/\/www.instagram.com\/lacommuneentrezlibres\/","https:\/\/www.linkedin.com\/company\/lacommune-entrezlibres\/"]}]}},"_links":{"self":[{"href":"https:\/\/lacommune.co\/saint-etienne\/wp-json\/wp\/v2\/portfolio\/40317","targetHints":{"allow":["GET"]}}],"collection":[{"href":"https:\/\/lacommune.co\/saint-etienne\/wp-json\/wp\/v2\/portfolio"}],"about":[{"href":"https:\/\/lacommune.co\/saint-etienne\/wp-json\/wp\/v2\/types\/portfolio"}],"author":[{"embeddable":true,"href":"https:\/\/lacommune.co\/saint-etienne\/wp-json\/wp\/v2\/users\/2"}],"replies":[{"embeddable":true,"href":"https:\/\/lacommune.co\/saint-etienne\/wp-json\/wp\/v2\/comments?post=40317"}],"version-history":[{"count":1,"href":"https:\/\/lacommune.co\/saint-etienne\/wp-json\/wp\/v2\/portfolio\/40317\/revisions"}],"predecessor-version":[{"id":40319,"href":"https:\/\/lacommune.co\/saint-etienne\/wp-json\/wp\/v2\/portfolio\/40317\/revisions\/40319"}],"wp:featuredmedia":[{"embeddable":true,"href":"https:\/\/lacommune.co\/saint-etienne\/wp-json\/wp\/v2\/media\/40318"}],"wp:attachment":[{"href":"https:\/\/lacommune.co\/saint-etienne\/wp-json\/wp\/v2\/media?parent=40317"}],"wp:term":[{"taxonomy":"portfolio_category","embeddable":true,"href":"https:\/\/lacommune.co\/saint-etienne\/wp-json\/wp\/v2\/portfolio_category?post=40317"}],"curies":[{"name":"wp","href":"https:\/\/api.w.org\/{rel}","templated":true}]}}