{"id":40322,"date":"2026-04-27T17:52:06","date_gmt":"2026-04-27T15:52:06","guid":{"rendered":"https:\/\/lacommune.co\/saint-etienne\/?post_type=portfolio&#038;p=40322"},"modified":"2026-04-27T17:52:18","modified_gmt":"2026-04-27T15:52:18","slug":"inauguration-terrasse-commune-mazerat","status":"publish","type":"portfolio","link":"https:\/\/lacommune.co\/saint-etienne\/event\/inauguration-terrasse-commune-mazerat\/","title":{"rendered":"Inauguration terrasse \u2013 La Commune Mazerat"},"content":{"rendered":"<div class=\"wpb-content-wrapper\"><p>[vc_row row_height_percent=&#8221;0&#8243; override_padding=&#8221;yes&#8221; h_padding=&#8221;2&#8243; top_padding=&#8221;4&#8243; bottom_padding=&#8221;4&#8243; overlay_alpha=&#8221;50&#8243; gutter_size=&#8221;3&#8243; column_width_percent=&#8221;100&#8243; shift_y=&#8221;0&#8243; z_index=&#8221;0&#8243; uncode_shortcode_id=&#8221;103024&#8243;][vc_column width=&#8221;1\/2&#8243;][vc_single_image media=&#8221;40323&#8243; dynamic=&#8221;yes&#8221; media_width_percent=&#8221;54&#8243; media_ratio=&#8221;four-five&#8221; alignment=&#8221;center&#8221; uncode_shortcode_id=&#8221;172772&#8243;][\/vc_column][vc_column column_width_percent=&#8221;83&#8243; position_vertical=&#8221;middle&#8221; align_horizontal=&#8221;align_center&#8221; gutter_size=&#8221;3&#8243; overlay_alpha=&#8221;50&#8243; shift_x=&#8221;0&#8243; shift_y=&#8221;0&#8243; shift_y_down=&#8221;0&#8243; z_index=&#8221;0&#8243; medium_width=&#8221;0&#8243; mobile_width=&#8221;0&#8243; width=&#8221;1\/2&#8243; uncode_shortcode_id=&#8221;165800&#8243;][vc_custom_heading heading_semantic=&#8221;h1&#8243; text_font=&#8221;font-956804&#8243; uncode_shortcode_id=&#8221;976847&#8243;]<\/p>\n<h1>Inauguration Terrasse \u00e0 Saint-\u00c9tienne<\/h1>\n<p>[\/vc_custom_heading][vc_column_text uncode_shortcode_id=&#8221;136725&#8243;]<\/p>\n<h2 data-section-id=\"1qpob7l\" data-start=\"321\" data-end=\"372\">Soir\u00e9e d\u2019ouverture \u00e0 La Commune Mazerat \u2013 13 mai<\/h2>\n<p data-start=\"374\" data-end=\"495\">La Commune Mazerat lance officiellement la saison estivale avec une <strong data-start=\"442\" data-end=\"470\">inauguration de terrasse<\/strong> festive \u00e0 Saint-\u00c9tienne.<\/p>\n<p data-start=\"497\" data-end=\"616\">Terrasse ouverte, barbecue, musique live et karaok\u00e9 : une soir\u00e9e qui sent bon l\u2019\u00e9t\u00e9, \u00e0 vivre jusqu\u2019\u00e0 tard dans la nuit.<\/p>\n<p>[\/vc_column_text][vc_column_text uncode_shortcode_id=&#8221;191360&#8243;]<\/p>\n<h2 data-section-id=\"j4ndim\" data-start=\"623\" data-end=\"660\">Une soir\u00e9e d\u2019\u00e9t\u00e9 en ext\u00e9rieur<\/h2>\n<p data-start=\"662\" data-end=\"701\">D\u00e8s 18h, profitez de la terrasse avec :<\/p>\n<ul data-start=\"703\" data-end=\"811\">\n<li data-section-id=\"7zxj4m\" data-start=\"703\" data-end=\"743\">Bar ext\u00e9rieur ouvert toute la soir\u00e9e<\/li>\n<li data-section-id=\"wme2pv\" data-start=\"744\" data-end=\"778\">Ambiance conviviale et festive<\/li>\n<li data-section-id=\"lvjnn2\" data-start=\"779\" data-end=\"811\">Musique et coucher de soleil<\/li>\n<\/ul>\n<p data-start=\"813\" data-end=\"885\">Un moment parfait pour boire un verre, se retrouver et lancer la saison.<\/p>\n<p>[\/vc_column_text][vc_column_text uncode_shortcode_id=&#8221;457682&#8243;]<\/p>\n<h2 data-section-id=\"12wfixw\" data-start=\"892\" data-end=\"927\">Barbecue g\u00e9ant de 19h \u00e0 22h<\/h2>\n<p data-start=\"929\" data-end=\"971\">Un barbecue sign\u00e9 D\u00e9fense de Fumer &amp; Epik.<\/p>\n<p data-start=\"973\" data-end=\"997\"><strong data-start=\"976\" data-end=\"995\">Formule \u00e0 15\u20ac :<\/strong><\/p>\n<ul data-start=\"998\" data-end=\"1108\">\n<li data-section-id=\"lm6qy4\" data-start=\"998\" data-end=\"1060\">Sandwich avec viande fum\u00e9e au choix (b\u0153uf \/ poulet \/ porc)<\/li>\n<li data-section-id=\"1igmsa0\" data-start=\"1061\" data-end=\"1079\">Sauce au choix<\/li>\n<li data-section-id=\"4176a1\" data-start=\"1080\" data-end=\"1108\">Frites fra\u00eeches &amp; salade<\/li>\n<\/ul>\n<p>[\/vc_column_text][vc_column_text uncode_shortcode_id=&#8221;537872&#8243;]<\/p>\n<h2 data-section-id=\"8yt8xd\" data-start=\"1115\" data-end=\"1165\">DJ set &amp; live sax en ext\u00e9rieur (18h \u2013 22h)<\/h2>\n<p data-start=\"1167\" data-end=\"1245\">Un DJ set accompagn\u00e9 d\u2019un saxophone live pour une ambiance musicale estivale :<\/p>\n<ul data-start=\"1247\" data-end=\"1336\">\n<li data-section-id=\"3e9lxa\" data-start=\"1247\" data-end=\"1291\"><span class=\"hover:entity-accent entity-underline inline cursor-pointer align-baseline\"><span class=\"whitespace-normal\">Lorian Sax<\/span><\/span><\/li>\n<li data-section-id=\"17ich5a\" data-start=\"1292\" data-end=\"1336\"><span class=\"hover:entity-accent entity-underline inline cursor-pointer align-baseline\"><span class=\"whitespace-normal\">Peter Himself<\/span><\/span><\/li>\n<\/ul>\n<p data-start=\"1338\" data-end=\"1395\">Un mix entre \u00e9lectro et live pour faire monter l\u2019\u00e9nergie.<\/p>\n<p>[\/vc_column_text][vc_column_text uncode_shortcode_id=&#8221;145260&#8243;]<\/p>\n<h2 data-section-id=\"5pay6m\" data-start=\"1402\" data-end=\"1450\">Karaok\u00e9 g\u00e9ant \u00e0 La Colline (22h \u2013 00h30)<\/h2>\n<p data-start=\"1452\" data-end=\"1525\">La soir\u00e9e se poursuit avec un <strong data-start=\"1482\" data-end=\"1499\">karaok\u00e9 g\u00e9ant<\/strong> dans l\u2019espace La Colline.<\/p>\n<p data-start=\"1527\" data-end=\"1628\">On pousse les murs, on pousse la voix\u2026 et on transforme la fin de soir\u00e9e en v\u00e9ritable show collectif.<\/p>\n<p>[\/vc_column_text][vc_empty_space empty_h=&#8221;1&#8243;][\/vc_column][\/vc_row]<\/p>\n<\/div>","protected":false},"excerpt":{"rendered":"<p>[vc_row row_height_percent=&#8221;0&#8243; override_padding=&#8221;yes&#8221; h_padding=&#8221;2&#8243; top_padding=&#8221;4&#8243; bottom_padding=&#8221;4&#8243; overlay_alpha=&#8221;50&#8243; gutter_size=&#8221;3&#8243; column_width_percent=&#8221;100&#8243; shift_y=&#8221;0&#8243; z_index=&#8221;0&#8243; uncode_shortcode_id=&#8221;103024&#8243;][vc_column width=&#8221;1\/2&#8243;][vc_single_image media=&#8221;40323&#8243; dynamic=&#8221;yes&#8221; media_width_percent=&#8221;54&#8243; media_ratio=&#8221;four-five&#8221; alignment=&#8221;center&#8221; uncode_shortcode_id=&#8221;172772&#8243;][\/vc_column][vc_column column_width_percent=&#8221;83&#8243; [&hellip;]<\/p>\n","protected":false},"author":2,"featured_media":40323,"parent":0,"menu_order":0,"comment_status":"closed","ping_status":"closed","template":"","meta":{"_acf_changed":false,"_monsterinsights_skip_tracking":false,"_monsterinsights_sitenote_active":false,"_monsterinsights_sitenote_note":"","_monsterinsights_sitenote_category":0,"footnotes":""},"portfolio_category":[432,430],"class_list":["post-40322","portfolio","type-portfolio","status-publish","has-post-thumbnail","hentry","portfolio_category-dj-set","portfolio_category-karaoke-et-blind-test"],"acf":{"date":"20260513"},"yoast_head":"<!-- This site is optimized with the Yoast SEO plugin v27.5 - https:\/\/yoast.com\/product\/yoast-seo-wordpress\/ -->\n<title>Inauguration terrasse \u2013 La Commune Mazerat - LA COMMUNE<\/title>\n<meta name=\"description\" content=\"Inauguration terrasse \u00e0 La Commune Mazerat : barbecue, DJ set, live sax et karaok\u00e9 \u00e0 Saint-\u00c9tienne. Soir\u00e9e festive le 13 mai. Entr\u00e9e libre.\" \/>\n<meta name=\"robots\" content=\"index, follow, max-snippet:-1, max-image-preview:large, max-video-preview:-1\" \/>\n<link rel=\"canonical\" href=\"https:\/\/lacommune.co\/saint-etienne\/event\/inauguration-terrasse-commune-mazerat\/\" \/>\n<meta property=\"og:locale\" content=\"fr_FR\" \/>\n<meta property=\"og:type\" content=\"article\" \/>\n<meta property=\"og:title\" content=\"Inauguration terrasse \u2013 La Commune Mazerat - LA COMMUNE\" \/>\n<meta property=\"og:description\" content=\"Inauguration terrasse \u00e0 La Commune Mazerat : barbecue, DJ set, live sax et karaok\u00e9 \u00e0 Saint-\u00c9tienne. Soir\u00e9e festive le 13 mai. Entr\u00e9e libre.\" \/>\n<meta property=\"og:url\" content=\"https:\/\/lacommune.co\/saint-etienne\/event\/inauguration-terrasse-commune-mazerat\/\" \/>\n<meta property=\"og:site_name\" content=\"LA COMMUNE\" \/>\n<meta property=\"article:publisher\" content=\"https:\/\/www.facebook.com\/lacommuneentrezlibres\/\" \/>\n<meta property=\"article:modified_time\" content=\"2026-04-27T15:52:18+00:00\" \/>\n<meta property=\"og:image\" content=\"https:\/\/lacommune.co\/saint-etienne\/wp-content\/uploads\/2026\/04\/1080x1350-Mai-visuel-programmationok_ds-scaled.jpg\" \/>\n\t<meta property=\"og:image:width\" content=\"2048\" \/>\n\t<meta property=\"og:image:height\" content=\"2560\" \/>\n\t<meta property=\"og:image:type\" content=\"image\/jpeg\" \/>\n<meta name=\"twitter:card\" content=\"summary_large_image\" \/>\n<meta name=\"twitter:label1\" content=\"Dur\u00e9e de lecture estim\u00e9e\" \/>\n\t<meta name=\"twitter:data1\" content=\"2 minutes\" \/>\n<!-- \/ Yoast SEO plugin. -->","yoast_head_json":{"title":"Inauguration terrasse \u2013 La Commune Mazerat - LA COMMUNE","description":"Inauguration terrasse \u00e0 La Commune Mazerat : barbecue, DJ set, live sax et karaok\u00e9 \u00e0 Saint-\u00c9tienne. Soir\u00e9e festive le 13 mai. Entr\u00e9e libre.","robots":{"index":"index","follow":"follow","max-snippet":"max-snippet:-1","max-image-preview":"max-image-preview:large","max-video-preview":"max-video-preview:-1"},"canonical":"https:\/\/lacommune.co\/saint-etienne\/event\/inauguration-terrasse-commune-mazerat\/","og_locale":"fr_FR","og_type":"article","og_title":"Inauguration terrasse \u2013 La Commune Mazerat - LA COMMUNE","og_description":"Inauguration terrasse \u00e0 La Commune Mazerat : barbecue, DJ set, live sax et karaok\u00e9 \u00e0 Saint-\u00c9tienne. Soir\u00e9e festive le 13 mai. Entr\u00e9e libre.","og_url":"https:\/\/lacommune.co\/saint-etienne\/event\/inauguration-terrasse-commune-mazerat\/","og_site_name":"LA COMMUNE","article_publisher":"https:\/\/www.facebook.com\/lacommuneentrezlibres\/","article_modified_time":"2026-04-27T15:52:18+00:00","og_image":[{"width":2048,"height":2560,"url":"https:\/\/lacommune.co\/saint-etienne\/wp-content\/uploads\/2026\/04\/1080x1350-Mai-visuel-programmationok_ds-scaled.jpg","type":"image\/jpeg"}],"twitter_card":"summary_large_image","twitter_misc":{"Dur\u00e9e de lecture estim\u00e9e":"2 minutes"},"schema":{"@context":"https:\/\/schema.org","@graph":[{"@type":"WebPage","@id":"https:\/\/lacommune.co\/saint-etienne\/event\/inauguration-terrasse-commune-mazerat\/","url":"https:\/\/lacommune.co\/saint-etienne\/event\/inauguration-terrasse-commune-mazerat\/","name":"Inauguration terrasse \u2013 La Commune Mazerat - LA COMMUNE","isPartOf":{"@id":"https:\/\/lacommune.co\/saint-etienne\/#website"},"primaryImageOfPage":{"@id":"https:\/\/lacommune.co\/saint-etienne\/event\/inauguration-terrasse-commune-mazerat\/#primaryimage"},"image":{"@id":"https:\/\/lacommune.co\/saint-etienne\/event\/inauguration-terrasse-commune-mazerat\/#primaryimage"},"thumbnailUrl":"https:\/\/lacommune.co\/saint-etienne\/wp-content\/uploads\/2026\/04\/1080x1350-Mai-visuel-programmationok_ds-scaled.jpg","datePublished":"2026-04-27T15:52:06+00:00","dateModified":"2026-04-27T15:52:18+00:00","description":"Inauguration terrasse \u00e0 La Commune Mazerat : barbecue, DJ set, live sax et karaok\u00e9 \u00e0 Saint-\u00c9tienne. Soir\u00e9e festive le 13 mai. Entr\u00e9e libre.","breadcrumb":{"@id":"https:\/\/lacommune.co\/saint-etienne\/event\/inauguration-terrasse-commune-mazerat\/#breadcrumb"},"inLanguage":"fr-FR","potentialAction":[{"@type":"ReadAction","target":["https:\/\/lacommune.co\/saint-etienne\/event\/inauguration-terrasse-commune-mazerat\/"]}]},{"@type":"ImageObject","inLanguage":"fr-FR","@id":"https:\/\/lacommune.co\/saint-etienne\/event\/inauguration-terrasse-commune-mazerat\/#primaryimage","url":"https:\/\/lacommune.co\/saint-etienne\/wp-content\/uploads\/2026\/04\/1080x1350-Mai-visuel-programmationok_ds-scaled.jpg","contentUrl":"https:\/\/lacommune.co\/saint-etienne\/wp-content\/uploads\/2026\/04\/1080x1350-Mai-visuel-programmationok_ds-scaled.jpg","width":"2048","height":"2560"},{"@type":"BreadcrumbList","@id":"https:\/\/lacommune.co\/saint-etienne\/event\/inauguration-terrasse-commune-mazerat\/#breadcrumb","itemListElement":[{"@type":"ListItem","position":1,"name":"Accueil","item":"https:\/\/lacommune.co\/saint-etienne\/"},{"@type":"ListItem","position":2,"name":"Event","item":"https:\/\/lacommune.co\/saint-etienne\/event\/"},{"@type":"ListItem","position":3,"name":"Inauguration terrasse \u2013 La Commune Mazerat"}]},{"@type":"WebSite","@id":"https:\/\/lacommune.co\/saint-etienne\/#website","url":"https:\/\/lacommune.co\/saint-etienne\/","name":"LA COMMUNE","description":"LYON","publisher":{"@id":"https:\/\/lacommune.co\/saint-etienne\/#organization"},"potentialAction":[{"@type":"SearchAction","target":{"@type":"EntryPoint","urlTemplate":"https:\/\/lacommune.co\/saint-etienne\/?s={search_term_string}"},"query-input":{"@type":"PropertyValueSpecification","valueRequired":true,"valueName":"search_term_string"}}],"inLanguage":"fr-FR"},{"@type":"Organization","@id":"https:\/\/lacommune.co\/saint-etienne\/#organization","name":"LA COMMUNE","url":"https:\/\/lacommune.co\/saint-etienne\/","logo":{"@type":"ImageObject","inLanguage":"fr-FR","@id":"https:\/\/lacommune.co\/saint-etienne\/#\/schema\/logo\/image\/","url":"https:\/\/lacommune.co\/saint-etienne\/wp-content\/uploads\/2021\/06\/lacommunelogo-1.svg","contentUrl":"https:\/\/lacommune.co\/saint-etienne\/wp-content\/uploads\/2021\/06\/lacommunelogo-1.svg","width":"1","height":"1","caption":"LA COMMUNE"},"image":{"@id":"https:\/\/lacommune.co\/saint-etienne\/#\/schema\/logo\/image\/"},"sameAs":["https:\/\/www.facebook.com\/lacommuneentrezlibres\/","https:\/\/www.instagram.com\/lacommuneentrezlibres\/","https:\/\/www.linkedin.com\/company\/lacommune-entrezlibres\/"]}]}},"_links":{"self":[{"href":"https:\/\/lacommune.co\/saint-etienne\/wp-json\/wp\/v2\/portfolio\/40322","targetHints":{"allow":["GET"]}}],"collection":[{"href":"https:\/\/lacommune.co\/saint-etienne\/wp-json\/wp\/v2\/portfolio"}],"about":[{"href":"https:\/\/lacommune.co\/saint-etienne\/wp-json\/wp\/v2\/types\/portfolio"}],"author":[{"embeddable":true,"href":"https:\/\/lacommune.co\/saint-etienne\/wp-json\/wp\/v2\/users\/2"}],"replies":[{"embeddable":true,"href":"https:\/\/lacommune.co\/saint-etienne\/wp-json\/wp\/v2\/comments?post=40322"}],"version-history":[{"count":2,"href":"https:\/\/lacommune.co\/saint-etienne\/wp-json\/wp\/v2\/portfolio\/40322\/revisions"}],"predecessor-version":[{"id":40325,"href":"https:\/\/lacommune.co\/saint-etienne\/wp-json\/wp\/v2\/portfolio\/40322\/revisions\/40325"}],"wp:featuredmedia":[{"embeddable":true,"href":"https:\/\/lacommune.co\/saint-etienne\/wp-json\/wp\/v2\/media\/40323"}],"wp:attachment":[{"href":"https:\/\/lacommune.co\/saint-etienne\/wp-json\/wp\/v2\/media?parent=40322"}],"wp:term":[{"taxonomy":"portfolio_category","embeddable":true,"href":"https:\/\/lacommune.co\/saint-etienne\/wp-json\/wp\/v2\/portfolio_category?post=40322"}],"curies":[{"name":"wp","href":"https:\/\/api.w.org\/{rel}","templated":true}]}}